{"id":1239,"date":"2020-12-02T15:57:54","date_gmt":"2020-12-02T15:57:54","guid":{"rendered":"https:\/\/contenidorsbou.com\/clients\/"},"modified":"2023-07-13T11:02:10","modified_gmt":"2023-07-13T11:02:10","slug":"clients","status":"publish","type":"page","link":"https:\/\/contenidorsbou.com\/fr\/clients\/","title":{"rendered":"CLIENTS"},"content":{"rendered":"<p>[et_pb_section fb_built=\u00a0\u00bb1&Prime; _builder_version=\u00a0\u00bb4.16&Prime; _module_preset=\u00a0\u00bbdefault\u00a0\u00bb custom_padding=\u00a0\u00bb3%|0px|0px|0px|false|false\u00a0\u00bb global_colors_info=\u00a0\u00bb{}\u00a0\u00bb][et_pb_row _builder_version=\u00a0\u00bb4.16&Prime; _module_preset=\u00a0\u00bbdefault\u00a0\u00bb global_colors_info=\u00a0\u00bb{}\u00a0\u00bb][et_pb_column type=\u00a0\u00bb4_4&Prime; _builder_version=\u00a0\u00bb4.16&Prime; _module_preset=\u00a0\u00bbdefault\u00a0\u00bb global_colors_info=\u00a0\u00bb{}\u00a0\u00bb][et_pb_text _builder_version=\u00a0\u00bb4.17.4&Prime; _module_preset=\u00a0\u00bbdefault\u00a0\u00bb global_colors_info=\u00a0\u00bb{}\u00a0\u00bb]<\/p>\n<h1>QUELQUES-UNS DE NOS CLIENTS<\/h1>\n<p>[\/et_pb_text][\/et_pb_column][\/et_pb_row][\/et_pb_section][et_pb_section fb_built=\u00a0\u00bb1&Prime; _builder_version=\u00a0\u00bb4.16&Prime; _module_preset=\u00a0\u00bbdefault\u00a0\u00bb background_color=\u00a0\u00bbrgba(0,0,0,0.07)\u00a0\u00bb width=\u00a0\u00bb100%\u00a0\u00bb max_width=\u00a0\u00bb100%\u00a0\u00bb custom_padding=\u00a0\u00bb0px|0px|0px|0px|false|false\u00a0\u00bb global_colors_info=\u00a0\u00bb{}\u00a0\u00bb][et_pb_row column_structure=\u00a0\u00bb1_3,1_3,1_3&Prime; use_custom_gutter=\u00a0\u00bbon\u00a0\u00bb gutter_width=\u00a0\u00bb4&Prime; make_equal=\u00a0\u00bbon\u00a0\u00bb _builder_version=\u00a0\u00bb4.16&Prime; _module_preset=\u00a0\u00bbdefault\u00a0\u00bb width=\u00a0\u00bb70%\u00a0\u00bb global_colors_info=\u00a0\u00bb{}\u00a0\u00bb][et_pb_column type=\u00a0\u00bb1_3&Prime; module_class=\u00a0\u00bbds-vertical-align\u00a0\u00bb _builder_version=\u00a0\u00bb4.16&Prime; _module_preset=\u00a0\u00bbdefault\u00a0\u00bb global_colors_info=\u00a0\u00bb{}\u00a0\u00bb][et_pb_image src=\u00a0\u00bbhttps:\/\/contenidorsbou.com\/wp-content\/uploads\/2020\/12\/contenidors-bou-casa-tarradellas.png\u00a0\u00bb alt=\u00a0\u00bbLogo Casa Tarradellas\u00a0\u00bb title_text=\u00a0\u00bbcontenidors-bou-casa-tarradellas\u00a0\u00bb align=\u00a0\u00bbcenter\u00a0\u00bb _builder_version=\u00a0\u00bb4.16&Prime; _module_preset=\u00a0\u00bbdefault\u00a0\u00bb width=\u00a0\u00bb65%\u00a0\u00bb global_colors_info=\u00a0\u00bb{}\u00a0\u00bb][\/et_pb_image][\/et_pb_column][et_pb_column type=\u00a0\u00bb1_3&Prime; module_class=\u00a0\u00bbds-vertical-align\u00a0\u00bb _builder_version=\u00a0\u00bb4.16&Prime; _module_preset=\u00a0\u00bbdefault\u00a0\u00bb global_colors_info=\u00a0\u00bb{}\u00a0\u00bb][et_pb_image src=\u00a0\u00bbhttps:\/\/contenidorsbou.com\/wp-content\/uploads\/2020\/12\/contenidors-bou-aigues-barcelona.png\u00a0\u00bb alt=\u00a0\u00bbLogo Aig\u00fces de Barcelona\u00a0\u00bb title_text=\u00a0\u00bbcontenidors-bou-aigues-barcelona\u00a0\u00bb align=\u00a0\u00bbcenter\u00a0\u00bb _builder_version=\u00a0\u00bb4.16&Prime; _module_preset=\u00a0\u00bbdefault\u00a0\u00bb width=\u00a0\u00bb71%\u00a0\u00bb global_colors_info=\u00a0\u00bb{}\u00a0\u00bb][\/et_pb_image][\/et_pb_column][et_pb_column type=\u00a0\u00bb1_3&Prime; module_class=\u00a0\u00bbds-vertical-align\u00a0\u00bb _builder_version=\u00a0\u00bb4.16&Prime; _module_preset=\u00a0\u00bbdefault\u00a0\u00bb global_colors_info=\u00a0\u00bb{}\u00a0\u00bb][et_pb_image src=\u00a0\u00bbhttps:\/\/contenidorsbou.com\/wp-content\/uploads\/2020\/12\/contenidors-bou-isidre-sayos.png\u00a0\u00bb alt=\u00a0\u00bbLogo Isidre Sayos\u00a0\u00bb title_text=\u00a0\u00bbcontenidors-bou-isidre-sayos\u00a0\u00bb align=\u00a0\u00bbcenter\u00a0\u00bb _builder_version=\u00a0\u00bb4.16&Prime; _module_preset=\u00a0\u00bbdefault\u00a0\u00bb width=\u00a0\u00bb70%\u00a0\u00bb global_colors_info=\u00a0\u00bb{}\u00a0\u00bb][\/et_pb_image][\/et_pb_column][\/et_pb_row][et_pb_row column_structure=\u00a0\u00bb1_3,1_3,1_3&Prime; use_custom_gutter=\u00a0\u00bbon\u00a0\u00bb gutter_width=\u00a0\u00bb4&Prime; make_equal=\u00a0\u00bbon\u00a0\u00bb _builder_version=\u00a0\u00bb4.16&Prime; _module_preset=\u00a0\u00bbdefault\u00a0\u00bb width=\u00a0\u00bb70%\u00a0\u00bb global_colors_info=\u00a0\u00bb{}\u00a0\u00bb][et_pb_column type=\u00a0\u00bb1_3&Prime; module_class=\u00a0\u00bbds-vertical-align\u00a0\u00bb _builder_version=\u00a0\u00bb4.16&Prime; _module_preset=\u00a0\u00bbdefault\u00a0\u00bb global_colors_info=\u00a0\u00bb{}\u00a0\u00bb][et_pb_image src=\u00a0\u00bbhttps:\/\/contenidorsbou.com\/wp-content\/uploads\/2020\/12\/contenidors-bou-construccions-ferrer.png\u00a0\u00bb alt=\u00a0\u00bbLogo Construcciones Ferrer\u00a0\u00bb title_text=\u00a0\u00bbcontenidors-bou-construccions-ferrer\u00a0\u00bb align=\u00a0\u00bbcenter\u00a0\u00bb _builder_version=\u00a0\u00bb4.16&Prime; _module_preset=\u00a0\u00bbdefault\u00a0\u00bb width=\u00a0\u00bb80%\u00a0\u00bb custom_margin_tablet=\u00a0\u00bb\u00a0\u00bb custom_margin_phone=\u00a0\u00bb-60px||||false|false\u00a0\u00bb custom_margin_last_edited=\u00a0\u00bbon|phone\u00a0\u00bb global_colors_info=\u00a0\u00bb{}\u00a0\u00bb][\/et_pb_image][\/et_pb_column][et_pb_column type=\u00a0\u00bb1_3&Prime; module_class=\u00a0\u00bbds-vertical-align\u00a0\u00bb _builder_version=\u00a0\u00bb4.16&Prime; _module_preset=\u00a0\u00bbdefault\u00a0\u00bb global_colors_info=\u00a0\u00bb{}\u00a0\u00bb][et_pb_image src=\u00a0\u00bbhttps:\/\/contenidorsbou.com\/wp-content\/uploads\/2020\/12\/contenidors-bou-bia.png\u00a0\u00bb alt=\u00a0\u00bbLogo Bio, gesti\u00f3n sostenible de residuos, visitar\u00a0\u00bb title_text=\u00a0\u00bbcontenidors-bou-bia-over\u00a0\u00bb url=\u00a0\u00bbhttps:\/\/www.biamediambiental.com\/\u00a0\u00bb url_new_window=\u00a0\u00bbon\u00a0\u00bb align=\u00a0\u00bbcenter\u00a0\u00bb _builder_version=\u00a0\u00bb4.16&Prime; _module_preset=\u00a0\u00bbdefault\u00a0\u00bb width=\u00a0\u00bb71%\u00a0\u00bb custom_margin_tablet=\u00a0\u00bb\u00a0\u00bb custom_margin_phone=\u00a0\u00bb-22px||||false|false\u00a0\u00bb custom_margin_last_edited=\u00a0\u00bbon|phone\u00a0\u00bb custom_padding_tablet=\u00a0\u00bb\u00a0\u00bb custom_padding_phone=\u00a0\u00bb\u00a0\u00bb custom_padding_last_edited=\u00a0\u00bbon|phone\u00a0\u00bb global_colors_info=\u00a0\u00bb{}\u00a0\u00bb src__hover_enabled=\u00a0\u00bbon|hover\u00a0\u00bb src__hover=\u00a0\u00bbhttps:\/\/contenidorsbou.com\/wp-content\/uploads\/2020\/12\/contenidors-bou-bia-over.png\u00a0\u00bb width__hover_enabled=\u00a0\u00bbon|hover\u00a0\u00bb width__hover=\u00a0\u00bb78%\u00a0\u00bb][\/et_pb_image][\/et_pb_column][et_pb_column type=\u00a0\u00bb1_3&Prime; module_class=\u00a0\u00bbds-vertical-align\u00a0\u00bb _builder_version=\u00a0\u00bb4.16&Prime; _module_preset=\u00a0\u00bbdefault\u00a0\u00bb global_colors_info=\u00a0\u00bb{}\u00a0\u00bb][et_pb_image src=\u00a0\u00bbhttps:\/\/contenidorsbou.com\/wp-content\/uploads\/2020\/12\/contenidors-bou-corretja.png\u00a0\u00bb alt=\u00a0\u00bbLogo corretja\u00a0\u00bb title_text=\u00a0\u00bbcontenidors-bou-corretja\u00a0\u00bb align=\u00a0\u00bbcenter\u00a0\u00bb _builder_version=\u00a0\u00bb4.16&Prime; _module_preset=\u00a0\u00bbdefault\u00a0\u00bb width=\u00a0\u00bb70%\u00a0\u00bb global_colors_info=\u00a0\u00bb{}\u00a0\u00bb][\/et_pb_image][\/et_pb_column][\/et_pb_row][et_pb_row column_structure=\u00a0\u00bb1_3,1_3,1_3&Prime; use_custom_gutter=\u00a0\u00bbon\u00a0\u00bb gutter_width=\u00a0\u00bb4&Prime; make_equal=\u00a0\u00bbon\u00a0\u00bb _builder_version=\u00a0\u00bb4.16&Prime; _module_preset=\u00a0\u00bbdefault\u00a0\u00bb width=\u00a0\u00bb70%\u00a0\u00bb global_colors_info=\u00a0\u00bb{}\u00a0\u00bb][et_pb_column type=\u00a0\u00bb1_3&Prime; module_class=\u00a0\u00bbds-vertical-align\u00a0\u00bb _builder_version=\u00a0\u00bb4.16&Prime; _module_preset=\u00a0\u00bbdefault\u00a0\u00bb global_colors_info=\u00a0\u00bb{}\u00a0\u00bb][et_pb_image src=\u00a0\u00bbhttps:\/\/contenidorsbou.com\/wp-content\/uploads\/2020\/12\/contenidors-bou-grup-vinas.png\u00a0\u00bb alt=\u00a0\u00bbLogo Grupo Vi\u00f1as\u00a0\u00bb title_text=\u00a0\u00bbcontenidors-bou-grup-vinas\u00a0\u00bb align=\u00a0\u00bbcenter\u00a0\u00bb _builder_version=\u00a0\u00bb4.16&Prime; _module_preset=\u00a0\u00bbdefault\u00a0\u00bb width=\u00a0\u00bb70%\u00a0\u00bb global_colors_info=\u00a0\u00bb{}\u00a0\u00bb][\/et_pb_image][\/et_pb_column][et_pb_column type=\u00a0\u00bb1_3&Prime; module_class=\u00a0\u00bbds-vertical-align\u00a0\u00bb _builder_version=\u00a0\u00bb4.16&Prime; _module_preset=\u00a0\u00bbdefault\u00a0\u00bb global_colors_info=\u00a0\u00bb{}\u00a0\u00bb][et_pb_image src=\u00a0\u00bbhttps:\/\/contenidorsbou.com\/wp-content\/uploads\/2020\/12\/contenidors-bou-grupo-jorge.png\u00a0\u00bb alt=\u00a0\u00bbLogo Grupo Jorge\u00a0\u00bb title_text=\u00a0\u00bbcontenidors-bou-grupo-jorge\u00a0\u00bb align=\u00a0\u00bbcenter\u00a0\u00bb _builder_version=\u00a0\u00bb4.16&Prime; _module_preset=\u00a0\u00bbdefault\u00a0\u00bb width=\u00a0\u00bb64%\u00a0\u00bb global_colors_info=\u00a0\u00bb{}\u00a0\u00bb][\/et_pb_image][\/et_pb_column][et_pb_column type=\u00a0\u00bb1_3&Prime; module_class=\u00a0\u00bbds-vertical-align\u00a0\u00bb _builder_version=\u00a0\u00bb4.16&Prime; _module_preset=\u00a0\u00bbdefault\u00a0\u00bb global_colors_info=\u00a0\u00bb{}\u00a0\u00bb][et_pb_image src=\u00a0\u00bbhttps:\/\/contenidorsbou.com\/wp-content\/uploads\/2020\/12\/contenidors-bou-esfosa-24.png\u00a0\u00bb alt=\u00a0\u00bbLogo esfosa\u00a0\u00bb title_text=\u00a0\u00bbcontenidors-bou-esfosa-24&Prime; align=\u00a0\u00bbcenter\u00a0\u00bb _builder_version=\u00a0\u00bb4.16&Prime; _module_preset=\u00a0\u00bbdefault\u00a0\u00bb width=\u00a0\u00bb70%\u00a0\u00bb global_colors_info=\u00a0\u00bb{}\u00a0\u00bb][\/et_pb_image][\/et_pb_column][\/et_pb_row][\/et_pb_section][et_pb_section fb_built=\u00a0\u00bb1&Prime; disabled_on=\u00a0\u00bbon|off|off\u00a0\u00bb _builder_version=\u00a0\u00bb4.16&Prime; _module_preset=\u00a0\u00bbdefault\u00a0\u00bb custom_padding=\u00a0\u00bb0px|0px|0px|0px|false|false\u00a0\u00bb locked=\u00a0\u00bboff\u00a0\u00bb global_colors_info=\u00a0\u00bb{}\u00a0\u00bb][et_pb_row column_structure=\u00a0\u00bb1_4,1_4,1_4,1_4&Prime; _builder_version=\u00a0\u00bb4.16&Prime; _module_preset=\u00a0\u00bbdefault\u00a0\u00bb custom_padding=\u00a0\u00bb4%|0px|0px|0px|false|false\u00a0\u00bb border_width_bottom=\u00a0\u00bb1px\u00a0\u00bb border_color_bottom=\u00a0\u00bb#666666&Prime; global_colors_info=\u00a0\u00bb{}\u00a0\u00bb][et_pb_column type=\u00a0\u00bb1_4&Prime; _builder_version=\u00a0\u00bb4.16&Prime; _module_preset=\u00a0\u00bbdefault\u00a0\u00bb global_colors_info=\u00a0\u00bb{}\u00a0\u00bb][et_pb_image src=\u00a0\u00bbhttps:\/\/contenidorsbou.com\/wp-content\/uploads\/2020\/11\/contenedores-bou-logo.png\u00a0\u00bb alt=\u00a0\u00bbLogotipo contenedores Bou\u00a0\u00bb title_text=\u00a0\u00bbcontenedores-bou-logo\u00a0\u00bb _builder_version=\u00a0\u00bb4.16&Prime; _module_preset=\u00a0\u00bbdefault\u00a0\u00bb width=\u00a0\u00bb80%\u00a0\u00bb global_colors_info=\u00a0\u00bb{}\u00a0\u00bb][\/et_pb_image][\/et_pb_column][et_pb_column type=\u00a0\u00bb1_4&Prime; _builder_version=\u00a0\u00bb4.16&Prime; _module_preset=\u00a0\u00bbdefault\u00a0\u00bb global_colors_info=\u00a0\u00bb{}\u00a0\u00bb][et_pb_sidebar show_border=\u00a0\u00bboff\u00a0\u00bb _builder_version=\u00a0\u00bb4.16&Prime; _module_preset=\u00a0\u00bbdefault\u00a0\u00bb body_line_height=\u00a0\u00bb1.5em\u00a0\u00bb text_orientation=\u00a0\u00bbleft\u00a0\u00bb custom_margin=\u00a0\u00bb|||15%|false|false\u00a0\u00bb global_colors_info=\u00a0\u00bb{}\u00a0\u00bb][\/et_pb_sidebar][\/et_pb_column][et_pb_column type=\u00a0\u00bb1_4&Prime; _builder_version=\u00a0\u00bb4.16&Prime; _module_preset=\u00a0\u00bbdefault\u00a0\u00bb global_colors_info=\u00a0\u00bb{}\u00a0\u00bb][et_pb_text _builder_version=\u00a0\u00bb4.21.0&Prime; _module_preset=\u00a0\u00bbdefault\u00a0\u00bb text_line_height=\u00a0\u00bb1.3em\u00a0\u00bb hover_enabled=\u00a0\u00bb0&Prime; global_colors_info=\u00a0\u00bb{}\u00a0\u00bb sticky_enabled=\u00a0\u00bb0&Prime;]<\/p>\n<p><span style=\"color: #ea8c08;\">CONTENIDORS BOU, S.L.<\/span><br \/>Gestion et transport de d\u00e9chets<br \/>Carrer Pirineu, 6<br \/>Pol. Ind. Adoberies Oest<br \/>08506 CALLDETENES<br \/>T. +34 93 886 88 10<br \/><a href=\"mailto:comercial@contenidorsbou.com\">comercial@contenidorsbou.com<\/a><\/p>\n<p><a href=\"https:\/\/contenidorsbou.com\/avis-legal\/\" target=\"_blank\" rel=\"noopener\">Mentions l\u00e9gales<\/a> et<a href=\"https:\/\/contenidorsbou.com\/politica-de-privacidad\/\" target=\"_blank\" rel=\"noopener\"> politique de confidentialit\u00e9<\/a><\/p>\n<p>[\/et_pb_text][\/et_pb_column][et_pb_column type=\u00a0\u00bb1_4&Prime; _builder_version=\u00a0\u00bb4.16&Prime; _module_preset=\u00a0\u00bbdefault\u00a0\u00bb global_colors_info=\u00a0\u00bb{}\u00a0\u00bb][et_pb_text _builder_version=\u00a0\u00bb4.17.4&Prime; _module_preset=\u00a0\u00bbdefault\u00a0\u00bb text_text_color=\u00a0\u00bb#98252d\u00a0\u00bb text_font_size=\u00a0\u00bb20px\u00a0\u00bb global_colors_info=\u00a0\u00bb{}\u00a0\u00bb]<\/p>\n<p>Suivez-nous sur:<\/p>\n<p>[\/et_pb_text][et_pb_social_media_follow icon_color=\u00a0\u00bb#ffffff\u00a0\u00bb _builder_version=\u00a0\u00bb4.16&Prime; _module_preset=\u00a0\u00bbdefault\u00a0\u00bb custom_button=\u00a0\u00bbon\u00a0\u00bb button_text_color=\u00a0\u00bb#ffffff\u00a0\u00bb border_radii=\u00a0\u00bbon|7px|7px|7px|7px\u00a0\u00bb global_colors_info=\u00a0\u00bb{}\u00a0\u00bb][et_pb_social_media_follow_network social_network=\u00a0\u00bblinkedin\u00a0\u00bb url=\u00a0\u00bbhttps:\/\/www.linkedin.com\/company\/contenidors-bou\u00a0\u00bb icon_color=\u00a0\u00bb#ffffff\u00a0\u00bb _builder_version=\u00a0\u00bb4.16&Prime; _module_preset=\u00a0\u00bbdefault\u00a0\u00bb background_color=\u00a0\u00bbrgba(0,0,0,0.5)\u00a0\u00bb background_enable_color=\u00a0\u00bbon\u00a0\u00bb border_radii=\u00a0\u00bbon|7px|7px|7px|7px\u00a0\u00bb global_colors_info=\u00a0\u00bb{}\u00a0\u00bb background__hover_enabled=\u00a0\u00bbon|desktop\u00a0\u00bb background_color__hover=\u00a0\u00bb#ea8c08&Prime; background_enable_color__hover=\u00a0\u00bbon\u00a0\u00bb follow_button=\u00a0\u00bboff\u00a0\u00bb url_new_window=\u00a0\u00bbon\u00a0\u00bb]linkedin[\/et_pb_social_media_follow_network][et_pb_social_media_follow_network social_network=\u00a0\u00bbinstagram\u00a0\u00bb url=\u00a0\u00bbhttps:\/\/www.instagram.com\/contenidors_bou\/\u00a0\u00bb _builder_version=\u00a0\u00bb4.16&Prime; _module_preset=\u00a0\u00bbdefault\u00a0\u00bb background_color=\u00a0\u00bbrgba(0,0,0,0.5)\u00a0\u00bb background_enable_color=\u00a0\u00bbon\u00a0\u00bb global_colors_info=\u00a0\u00bb{}\u00a0\u00bb background__hover_enabled=\u00a0\u00bbon|hover\u00a0\u00bb background_color__hover=\u00a0\u00bb#ea8c08&Prime; background_enable_color__hover=\u00a0\u00bbon\u00a0\u00bb follow_button=\u00a0\u00bboff\u00a0\u00bb url_new_window=\u00a0\u00bbon\u00a0\u00bb]instagram[\/et_pb_social_media_follow_network][et_pb_social_media_follow_network social_network=\u00a0\u00bbfacebook\u00a0\u00bb url=\u00a0\u00bbhttps:\/\/www.facebook.com\/ContenidorsBou\/\u00a0\u00bb _builder_version=\u00a0\u00bb4.16&Prime; _module_preset=\u00a0\u00bbdefault\u00a0\u00bb background_color=\u00a0\u00bbrgba(0,0,0,0.5)\u00a0\u00bb background_enable_color=\u00a0\u00bbon\u00a0\u00bb global_colors_info=\u00a0\u00bb{}\u00a0\u00bb background__hover_enabled=\u00a0\u00bbon|desktop\u00a0\u00bb background_color__hover=\u00a0\u00bb#ea8c08&Prime; background_enable_color__hover=\u00a0\u00bbon\u00a0\u00bb follow_button=\u00a0\u00bboff\u00a0\u00bb url_new_window=\u00a0\u00bbon\u00a0\u00bb]facebook[\/et_pb_social_media_follow_network][\/et_pb_social_media_follow][\/et_pb_column][\/et_pb_row][\/et_pb_section][et_pb_section fb_built=\u00a0\u00bb1&Prime; disabled_on=\u00a0\u00bboff|on|on\u00a0\u00bb _builder_version=\u00a0\u00bb4.16&Prime; _module_preset=\u00a0\u00bbdefault\u00a0\u00bb custom_padding=\u00a0\u00bb0px|0px|0px|0px|false|false\u00a0\u00bb locked=\u00a0\u00bboff\u00a0\u00bb global_colors_info=\u00a0\u00bb{}\u00a0\u00bb][et_pb_row column_structure=\u00a0\u00bb1_4,1_4,1_4,1_4&Prime; _builder_version=\u00a0\u00bb4.16&Prime; _module_preset=\u00a0\u00bbdefault\u00a0\u00bb custom_padding=\u00a0\u00bb4%|0px|0px|0px|false|false\u00a0\u00bb border_width_bottom=\u00a0\u00bb1px\u00a0\u00bb border_color_bottom=\u00a0\u00bb#666666&Prime; global_colors_info=\u00a0\u00bb{}\u00a0\u00bb][et_pb_column type=\u00a0\u00bb1_4&Prime; _builder_version=\u00a0\u00bb4.16&Prime; _module_preset=\u00a0\u00bbdefault\u00a0\u00bb global_colors_info=\u00a0\u00bb{}\u00a0\u00bb][et_pb_image src=\u00a0\u00bbhttps:\/\/contenidorsbou.com\/wp-content\/uploads\/2020\/11\/contenedores-bou-logo.png\u00a0\u00bb alt=\u00a0\u00bbLogotipo contenedores Bou\u00a0\u00bb title_text=\u00a0\u00bbcontenedores-bou-logo\u00a0\u00bb _builder_version=\u00a0\u00bb4.16&Prime; _module_preset=\u00a0\u00bbdefault\u00a0\u00bb width=\u00a0\u00bb80%\u00a0\u00bb global_colors_info=\u00a0\u00bb{}\u00a0\u00bb][\/et_pb_image][\/et_pb_column][et_pb_column type=\u00a0\u00bb1_4&Prime; _builder_version=\u00a0\u00bb4.16&Prime; _module_preset=\u00a0\u00bbdefault\u00a0\u00bb global_colors_info=\u00a0\u00bb{}\u00a0\u00bb][et_pb_sidebar show_border=\u00a0\u00bboff\u00a0\u00bb _builder_version=\u00a0\u00bb4.16&Prime; _module_preset=\u00a0\u00bbdefault\u00a0\u00bb body_line_height=\u00a0\u00bb1.5em\u00a0\u00bb text_orientation=\u00a0\u00bbcenter\u00a0\u00bb custom_margin=\u00a0\u00bb||||false|false\u00a0\u00bb global_colors_info=\u00a0\u00bb{}\u00a0\u00bb][\/et_pb_sidebar][\/et_pb_column][et_pb_column type=\u00a0\u00bb1_4&Prime; _builder_version=\u00a0\u00bb4.16&Prime; _module_preset=\u00a0\u00bbdefault\u00a0\u00bb global_colors_info=\u00a0\u00bb{}\u00a0\u00bb][et_pb_text _builder_version=\u00a0\u00bb4.21.0&Prime; _module_preset=\u00a0\u00bbdefault\u00a0\u00bb text_line_height=\u00a0\u00bb1.3em\u00a0\u00bb text_orientation=\u00a0\u00bbcenter\u00a0\u00bb global_colors_info=\u00a0\u00bb{}\u00a0\u00bb]<\/p>\n<p><span style=\"color: #ea8c08;\">CONTENIDORS BOU, S.L.<\/span><br \/>Gestion et transport de d\u00e9chets<br \/>Carrer Pirineu, 6<br \/>Pol. Ind. Adoberies Oest<br \/>08506 CALLDETENES<br \/>T. + 34 93 886 88 10<br \/><a href=\"mailto:comercial@contenidorsbou.com\">comercial@contenidorsbou.com<\/a><\/p>\n<p><a href=\"https:\/\/contenidorsbou.com\/avis-legal\/\" target=\"_blank\" rel=\"noopener\">Mentions l\u00e9gales<\/a> et<a href=\"https:\/\/contenidorsbou.com\/politica-de-privacidad\/\"> politique de confidentialit\u00e9<\/a><\/p>\n<p>[\/et_pb_text][\/et_pb_column][et_pb_column type=\u00a0\u00bb1_4&Prime; _builder_version=\u00a0\u00bb4.16&Prime; _module_preset=\u00a0\u00bbdefault\u00a0\u00bb global_colors_info=\u00a0\u00bb{}\u00a0\u00bb][et_pb_text _builder_version=\u00a0\u00bb4.17.4&Prime; _module_preset=\u00a0\u00bbdefault\u00a0\u00bb text_text_color=\u00a0\u00bb#98252d\u00a0\u00bb text_font_size=\u00a0\u00bb20px\u00a0\u00bb text_orientation=\u00a0\u00bbcenter\u00a0\u00bb global_colors_info=\u00a0\u00bb{}\u00a0\u00bb]<\/p>\n<p>Suivez-nous sur:<\/p>\n<p>[\/et_pb_text][et_pb_social_media_follow icon_color=\u00a0\u00bb#ffffff\u00a0\u00bb _builder_version=\u00a0\u00bb4.16&Prime; _module_preset=\u00a0\u00bbdefault\u00a0\u00bb custom_button=\u00a0\u00bbon\u00a0\u00bb button_text_color=\u00a0\u00bb#ffffff\u00a0\u00bb text_orientation=\u00a0\u00bbcenter\u00a0\u00bb border_radii=\u00a0\u00bbon|7px|7px|7px|7px\u00a0\u00bb global_colors_info=\u00a0\u00bb{}\u00a0\u00bb][et_pb_social_media_follow_network social_network=\u00a0\u00bblinkedin\u00a0\u00bb url=\u00a0\u00bbhttps:\/\/www.linkedin.com\/company\/contenidors-bou\u00a0\u00bb icon_color=\u00a0\u00bb#ffffff\u00a0\u00bb _builder_version=\u00a0\u00bb4.16&Prime; _module_preset=\u00a0\u00bbdefault\u00a0\u00bb background_color=\u00a0\u00bbrgba(0,0,0,0.5)\u00a0\u00bb background_enable_color=\u00a0\u00bbon\u00a0\u00bb border_radii=\u00a0\u00bbon|7px|7px|7px|7px\u00a0\u00bb global_colors_info=\u00a0\u00bb{}\u00a0\u00bb background__hover_enabled=\u00a0\u00bbon|desktop\u00a0\u00bb background_color__hover=\u00a0\u00bb#ea8c08&Prime; background_enable_color__hover=\u00a0\u00bbon\u00a0\u00bb follow_button=\u00a0\u00bboff\u00a0\u00bb url_new_window=\u00a0\u00bbon\u00a0\u00bb]linkedin[\/et_pb_social_media_follow_network][et_pb_social_media_follow_network social_network=\u00a0\u00bbinstagram\u00a0\u00bb url=\u00a0\u00bbhttps:\/\/www.instagram.com\/contenidors_bou\/\u00a0\u00bb _builder_version=\u00a0\u00bb4.16&Prime; _module_preset=\u00a0\u00bbdefault\u00a0\u00bb background_color=\u00a0\u00bbrgba(0,0,0,0.5)\u00a0\u00bb background_enable_color=\u00a0\u00bbon\u00a0\u00bb global_colors_info=\u00a0\u00bb{}\u00a0\u00bb background__hover_enabled=\u00a0\u00bbon|hover\u00a0\u00bb background_color__hover=\u00a0\u00bb#ea8c08&Prime; background_enable_color__hover=\u00a0\u00bbon\u00a0\u00bb follow_button=\u00a0\u00bboff\u00a0\u00bb url_new_window=\u00a0\u00bbon\u00a0\u00bb]instagram[\/et_pb_social_media_follow_network][et_pb_social_media_follow_network social_network=\u00a0\u00bbfacebook\u00a0\u00bb url=\u00a0\u00bbhttps:\/\/www.facebook.com\/ContenidorsBou\/\u00a0\u00bb _builder_version=\u00a0\u00bb4.16&Prime; _module_preset=\u00a0\u00bbdefault\u00a0\u00bb background_color=\u00a0\u00bbrgba(0,0,0,0.5)\u00a0\u00bb background_enable_color=\u00a0\u00bbon\u00a0\u00bb global_colors_info=\u00a0\u00bb{}\u00a0\u00bb background__hover_enabled=\u00a0\u00bbon|desktop\u00a0\u00bb background_color__hover=\u00a0\u00bb#ea8c08&Prime; background_enable_color__hover=\u00a0\u00bbon\u00a0\u00bb follow_button=\u00a0\u00bboff\u00a0\u00bb url_new_window=\u00a0\u00bbon\u00a0\u00bb]facebook[\/et_pb_social_media_follow_network][\/et_pb_social_media_follow][\/et_pb_column][\/et_pb_row][\/et_pb_section]<\/p>\n","protected":false},"excerpt":{"rendered":"<p>QUELQUES-UNS DE NOS CLIENTSCONTENIDORS BOU, S.L.Gestion et transport de d\u00e9chetsCarrer Pirineu, 6Pol. Ind. Adoberies Oest08506 CALLDETENEST. +34 93 886 88 10comercial@contenidorsbou.com Mentions l\u00e9gales et politique de confidentialit\u00e9Suivez-nous sur:CONTENIDORS BOU, S.L.Gestion et transport de d\u00e9chetsCarrer Pirineu, 6Pol. Ind. Adoberies Oest08506 CALLDETENEST. + 34 93 886 88 10comercial@contenidorsbou.com Mentions l\u00e9gales et politique de confidentialit\u00e9Suivez-nous sur:<\/p>\n","protected":false},"author":2,"featured_media":0,"parent":0,"menu_order":0,"comment_status":"closed","ping_status":"closed","template":"","meta":{"_et_pb_use_builder":"on","_et_pb_old_content":"","_et_gb_content_width":"","footnotes":""},"class_list":["post-1239","page","type-page","status-publish","hentry"],"yoast_head":"<!-- This site is optimized with the Yoast SEO plugin v27.2 - https:\/\/yoast.com\/product\/yoast-seo-wordpress\/ -->\n<title>CLIENTS - Contenidors Bou<\/title>\n<meta name=\"robots\" content=\"index, follow, max-snippet:-1, max-image-preview:large, max-video-preview:-1\" \/>\n<link rel=\"canonical\" href=\"https:\/\/contenidorsbou.com\/fr\/clients\/\" \/>\n<meta property=\"og:locale\" content=\"fr_FR\" \/>\n<meta property=\"og:type\" content=\"article\" \/>\n<meta property=\"og:title\" content=\"CLIENTS - Contenidors Bou\" \/>\n<meta property=\"og:description\" content=\"QUELQUES-UNS DE NOS CLIENTSCONTENIDORS BOU, S.L.Gestion et transport de d\u00e9chetsCarrer Pirineu, 6Pol. Ind. Adoberies Oest08506 CALLDETENEST. +34 93 886 88 10comercial@contenidorsbou.com Mentions l\u00e9gales et politique de confidentialit\u00e9Suivez-nous sur:CONTENIDORS BOU, S.L.Gestion et transport de d\u00e9chetsCarrer Pirineu, 6Pol. Ind. Adoberies Oest08506 CALLDETENEST. + 34 93 886 88 10comercial@contenidorsbou.com Mentions l\u00e9gales et politique de confidentialit\u00e9Suivez-nous sur:\" \/>\n<meta property=\"og:url\" content=\"https:\/\/contenidorsbou.com\/fr\/clients\/\" \/>\n<meta property=\"og:site_name\" content=\"Contenidors Bou\" \/>\n<meta property=\"article:modified_time\" content=\"2023-07-13T11:02:10+00:00\" \/>\n<meta name=\"twitter:card\" content=\"summary_large_image\" \/>\n<meta name=\"twitter:label1\" content=\"Dur\u00e9e de lecture estim\u00e9e\" \/>\n\t<meta name=\"twitter:data1\" content=\"3 minutes\" \/>\n<script type=\"application\/ld+json\" class=\"yoast-schema-graph\">{\"@context\":\"https:\/\/schema.org\",\"@graph\":[{\"@type\":\"WebPage\",\"@id\":\"https:\/\/contenidorsbou.com\/fr\/clients\/\",\"url\":\"https:\/\/contenidorsbou.com\/fr\/clients\/\",\"name\":\"CLIENTS - Contenidors Bou\",\"isPartOf\":{\"@id\":\"https:\/\/contenidorsbou.com\/#website\"},\"datePublished\":\"2020-12-02T15:57:54+00:00\",\"dateModified\":\"2023-07-13T11:02:10+00:00\",\"breadcrumb\":{\"@id\":\"https:\/\/contenidorsbou.com\/fr\/clients\/#breadcrumb\"},\"inLanguage\":\"fr-FR\",\"potentialAction\":[{\"@type\":\"ReadAction\",\"target\":[\"https:\/\/contenidorsbou.com\/fr\/clients\/\"]}]},{\"@type\":\"BreadcrumbList\",\"@id\":\"https:\/\/contenidorsbou.com\/fr\/clients\/#breadcrumb\",\"itemListElement\":[{\"@type\":\"ListItem\",\"position\":1,\"name\":\"Home\",\"item\":\"https:\/\/contenidorsbou.com\/fr\/\"},{\"@type\":\"ListItem\",\"position\":2,\"name\":\"CLIENTS\"}]},{\"@type\":\"WebSite\",\"@id\":\"https:\/\/contenidorsbou.com\/#website\",\"url\":\"https:\/\/contenidorsbou.com\/\",\"name\":\"Contenidors Bou\",\"description\":\"Transporte de residuos, contenedores especiales\",\"potentialAction\":[{\"@type\":\"SearchAction\",\"target\":{\"@type\":\"EntryPoint\",\"urlTemplate\":\"https:\/\/contenidorsbou.com\/?s={search_term_string}\"},\"query-input\":{\"@type\":\"PropertyValueSpecification\",\"valueRequired\":true,\"valueName\":\"search_term_string\"}}],\"inLanguage\":\"fr-FR\"}]}<\/script>\n<!-- \/ Yoast SEO plugin. -->","yoast_head_json":{"title":"CLIENTS - Contenidors Bou","robots":{"index":"index","follow":"follow","max-snippet":"max-snippet:-1","max-image-preview":"max-image-preview:large","max-video-preview":"max-video-preview:-1"},"canonical":"https:\/\/contenidorsbou.com\/fr\/clients\/","og_locale":"fr_FR","og_type":"article","og_title":"CLIENTS - Contenidors Bou","og_description":"QUELQUES-UNS DE NOS CLIENTSCONTENIDORS BOU, S.L.Gestion et transport de d\u00e9chetsCarrer Pirineu, 6Pol. Ind. Adoberies Oest08506 CALLDETENEST. +34 93 886 88 10comercial@contenidorsbou.com Mentions l\u00e9gales et politique de confidentialit\u00e9Suivez-nous sur:CONTENIDORS BOU, S.L.Gestion et transport de d\u00e9chetsCarrer Pirineu, 6Pol. Ind. Adoberies Oest08506 CALLDETENEST. + 34 93 886 88 10comercial@contenidorsbou.com Mentions l\u00e9gales et politique de confidentialit\u00e9Suivez-nous sur:","og_url":"https:\/\/contenidorsbou.com\/fr\/clients\/","og_site_name":"Contenidors Bou","article_modified_time":"2023-07-13T11:02:10+00:00","twitter_card":"summary_large_image","twitter_misc":{"Dur\u00e9e de lecture estim\u00e9e":"3 minutes"},"schema":{"@context":"https:\/\/schema.org","@graph":[{"@type":"WebPage","@id":"https:\/\/contenidorsbou.com\/fr\/clients\/","url":"https:\/\/contenidorsbou.com\/fr\/clients\/","name":"CLIENTS - Contenidors Bou","isPartOf":{"@id":"https:\/\/contenidorsbou.com\/#website"},"datePublished":"2020-12-02T15:57:54+00:00","dateModified":"2023-07-13T11:02:10+00:00","breadcrumb":{"@id":"https:\/\/contenidorsbou.com\/fr\/clients\/#breadcrumb"},"inLanguage":"fr-FR","potentialAction":[{"@type":"ReadAction","target":["https:\/\/contenidorsbou.com\/fr\/clients\/"]}]},{"@type":"BreadcrumbList","@id":"https:\/\/contenidorsbou.com\/fr\/clients\/#breadcrumb","itemListElement":[{"@type":"ListItem","position":1,"name":"Home","item":"https:\/\/contenidorsbou.com\/fr\/"},{"@type":"ListItem","position":2,"name":"CLIENTS"}]},{"@type":"WebSite","@id":"https:\/\/contenidorsbou.com\/#website","url":"https:\/\/contenidorsbou.com\/","name":"Contenidors Bou","description":"Transporte de residuos, contenedores especiales","potentialAction":[{"@type":"SearchAction","target":{"@type":"EntryPoint","urlTemplate":"https:\/\/contenidorsbou.com\/?s={search_term_string}"},"query-input":{"@type":"PropertyValueSpecification","valueRequired":true,"valueName":"search_term_string"}}],"inLanguage":"fr-FR"}]}},"_links":{"self":[{"href":"https:\/\/contenidorsbou.com\/fr\/wp-json\/wp\/v2\/pages\/1239","targetHints":{"allow":["GET"]}}],"collection":[{"href":"https:\/\/contenidorsbou.com\/fr\/wp-json\/wp\/v2\/pages"}],"about":[{"href":"https:\/\/contenidorsbou.com\/fr\/wp-json\/wp\/v2\/types\/page"}],"author":[{"embeddable":true,"href":"https:\/\/contenidorsbou.com\/fr\/wp-json\/wp\/v2\/users\/2"}],"replies":[{"embeddable":true,"href":"https:\/\/contenidorsbou.com\/fr\/wp-json\/wp\/v2\/comments?post=1239"}],"version-history":[{"count":5,"href":"https:\/\/contenidorsbou.com\/fr\/wp-json\/wp\/v2\/pages\/1239\/revisions"}],"predecessor-version":[{"id":1397,"href":"https:\/\/contenidorsbou.com\/fr\/wp-json\/wp\/v2\/pages\/1239\/revisions\/1397"}],"wp:attachment":[{"href":"https:\/\/contenidorsbou.com\/fr\/wp-json\/wp\/v2\/media?parent=1239"}],"curies":[{"name":"wp","href":"https:\/\/api.w.org\/{rel}","templated":true}]}}